{"version":"1.0","provider_name":"Nexo Informativo Santiago de Quer\u00e9taro","provider_url":"https:\/\/www.nexoinformativo.mx","author_name":"Nexo Informativo","author_url":"https:\/\/www.nexoinformativo.mx\/index.php\/author\/edicion\/","title":"Hombre fallece en la v\u00eda p\u00fablica en el Centro Hist\u00f3rico de Quer\u00e9taro | Nexo Informativo Santiago de Quer\u00e9taro","type":"rich","width":600,"height":338,"html":"<blockquote class=\"wp-embedded-content\" data-secret=\"wuk1N3D7z0\"><a href=\"https:\/\/www.nexoinformativo.mx\/index.php\/2024\/08\/28\/1117\/\">Hombre fallece en la v\u00eda p\u00fablica en el Centro Hist\u00f3rico de Quer\u00e9taro<\/a><\/blockquote><iframe sandbox=\"allow-scripts\" security=\"restricted\" src=\"https:\/\/www.nexoinformativo.mx\/index.php\/2024\/08\/28\/1117\/embed\/#?secret=wuk1N3D7z0\" width=\"600\" height=\"338\" title=\"&#8220;Hombre fallece en la v\u00eda p\u00fablica en el Centro Hist\u00f3rico de Quer\u00e9taro&#8221; &#8212; Nexo Informativo Santiago de Quer\u00e9taro\" data-secret=\"wuk1N3D7z0\" frameborder=\"0\" marginwidth=\"0\" marginheight=\"0\" scrolling=\"no\" class=\"wp-embedded-content\"><\/iframe><script>\n\/*! This file is auto-generated *\/\n!function(d,l){\"use strict\";l.querySelector&&d.addEventListener&&\"undefined\"!=typeof URL&&(d.wp=d.wp||{},d.wp.receiveEmbedMessage||(d.wp.receiveEmbedMessage=function(e){var t=e.data;if((t||t.secret||t.message||t.value)&&!\/[^a-zA-Z0-9]\/.test(t.secret)){for(var s,r,n,a=l.querySelectorAll('iframe[data-secret=\"'+t.secret+'\"]'),o=l.querySelectorAll('blockquote[data-secret=\"'+t.secret+'\"]'),c=new RegExp(\"^https?:$\",\"i\"),i=0;i<o.length;i++)o[i].style.display=\"none\";for(i=0;i<a.length;i++)s=a[i],e.source===s.contentWindow&&(s.removeAttribute(\"style\"),\"height\"===t.message?(1e3<(r=parseInt(t.value,10))?r=1e3:~~r<200&&(r=200),s.height=r):\"link\"===t.message&&(r=new URL(s.getAttribute(\"src\")),n=new URL(t.value),c.test(n.protocol))&&n.host===r.host&&l.activeElement===s&&(d.top.location.href=t.value))}},d.addEventListener(\"message\",d.wp.receiveEmbedMessage,!1),l.addEventListener(\"DOMContentLoaded\",function(){for(var e,t,s=l.querySelectorAll(\"iframe.wp-embedded-content\"),r=0;r<s.length;r++)(t=(e=s[r]).getAttribute(\"data-secret\"))||(t=Math.random().toString(36).substring(2,12),e.src+=\"#?secret=\"+t,e.setAttribute(\"data-secret\",t)),e.contentWindow.postMessage({message:\"ready\",secret:t},\"*\")},!1)))}(window,document);\n\/\/# sourceURL=https:\/\/www.nexoinformativo.mx\/wp-includes\/js\/wp-embed.min.js\n<\/script>\n","thumbnail_url":"https:\/\/www.nexoinformativo.mx\/wp-content\/uploads\/2024\/08\/PHOTO-2024-08-28-09-37-05-e1724863643176.jpg","thumbnail_width":800,"thumbnail_height":600,"description":"Esta ma\u00f1ana de mi\u00e9rcoles, un hombre muri\u00f3 por aparentes causas naturales en la v\u00eda p\u00fablica, generando el cierre de la calle Ju\u00e1rez en su cruce con avenida Universidad, cerca del Jard\u00edn de los Platitos, en el Centro Hist\u00f3rico de Quer\u00e9taro. &nbsp; Seg\u00fan informaci\u00f3n proporcionada por las autoridades, el incidente ocurri\u00f3 durante las primeras horas del [&hellip;]"}